{"id":657,"date":"2021-12-07T19:28:49","date_gmt":"2021-12-07T18:28:49","guid":{"rendered":"https:\/\/ief-saarbruecken.eu\/certifications-delf-dalf\/delf-prim\/"},"modified":"2026-02-25T14:24:02","modified_gmt":"2026-02-25T13:24:02","slug":"delf-prim","status":"publish","type":"page","link":"https:\/\/ief-saarbruecken.eu\/fr\/certifications-delf-dalf\/delf-prim\/","title":{"rendered":"DELF Prim"},"content":{"rendered":"<!--themify_builder_content-->\n<div id=\"themify_builder_content-657\" data-postid=\"657\" class=\"themify_builder_content themify_builder_content-657 themify_builder tf_clear\">\n                    <div  data-lazy=\"1\" class=\"module_row themify_builder_row tb_oi4z070 tb_first tf_w\">\n                        <div class=\"row_inner col_align_top tb_col_count_2 tf_box tf_rel\">\n                        <div  data-lazy=\"1\" class=\"module_column tb-column col4-3 tb_ryfg404 first\">\n                    <!-- module text -->\n<div  class=\"module module-text tb_w4jp041   \" data-lazy=\"1\">\n        <div  class=\"tb_text_wrap\">\n        <p>Gr\u00e2ce aux accords entre le Ministerium f\u00fcr Bildung und Kultur de la Sarre et l\u2019Institut fran\u00e7ais d\u2019Allemagne, l\u2019Institut d\u2019Etudes Fran\u00e7aises de Sarrebruck propose les examens du DELF Prim (A1.1 \u2013 A1), directement dans votre \u00e9cole.<\/p>    <\/div>\n<\/div>\n<!-- \/module text --><!-- module buttons -->\n<div  class=\"module module-buttons tb_e97l614 buttons-horizontal solid  \" data-lazy=\"1\">\n        <div class=\"module-buttons-item tf_in_flx\">\n                        <a href=\"https:\/\/www.institutfrancais.de\/fr\/incident-sur-la-plateforme-gael#\/\" class=\"ui builder_button tf_in_flx blue\" >\n                                                Incident sur la plateforme GAEL - dipl\u00f4mes DELF-DALF                                        <\/a>\n                <\/div>\n            <\/div>\n<!-- \/module buttons -->\n        <\/div>\n                    <div  data-lazy=\"1\" class=\"module_column tb-column col4-1 tb_kpi7200 last\">\n                    <!-- module image -->\n<div  class=\"module module-image tb_zlvj320 image-top   tf_mw\" data-lazy=\"1\">\n        <div class=\"image-wrap tf_rel tf_mw\">\n            <img loading=\"lazy\" decoding=\"async\" width=\"1700\" height=\"395\" src=\"https:\/\/ief-saarbruecken.eu\/wp-content\/uploads\/2021\/12\/FEI_DELF_Prim_RVB.png\" class=\"wp-post-image wp-image-384\" title=\"FEI_DELF_Prim_RVB\" alt=\"DELF Prim\" srcset=\"https:\/\/ief-saarbruecken.eu\/wp-content\/uploads\/2021\/12\/FEI_DELF_Prim_RVB.png 1700w, https:\/\/ief-saarbruecken.eu\/wp-content\/uploads\/2021\/12\/FEI_DELF_Prim_RVB-1024x238-300x69.png 300w, https:\/\/ief-saarbruecken.eu\/wp-content\/uploads\/2021\/12\/FEI_DELF_Prim_RVB-1024x238.png 1024w, https:\/\/ief-saarbruecken.eu\/wp-content\/uploads\/2021\/12\/FEI_DELF_Prim_RVB-768x178.png 768w, https:\/\/ief-saarbruecken.eu\/wp-content\/uploads\/2021\/12\/FEI_DELF_Prim_RVB-1536x357.png 1536w\" sizes=\"auto, (max-width: 1700px) 100vw, 1700px\" \/>    \n        <\/div>\n    <!-- \/image-wrap -->\n    \n        <\/div>\n<!-- \/module image -->        <\/div>\n                        <\/div>\n        <\/div>\n                        <div  data-lazy=\"1\" class=\"module_row themify_builder_row tb_u5ub383 tf_w\">\n                        <div class=\"row_inner col_align_top tb_col_count_1 tf_box tf_rel\">\n                        <div  data-lazy=\"1\" class=\"module_column tb-column col-full tb_o3qz383 first\">\n                    <!-- module video -->\n<div  class=\"module module-video tb_sejc670 video-top  \" data-lazy=\"1\">\n                    <div class=\"video-wrap-outer\">\n            <div class=\"video-wrap tf_rel tf_overflow\">\n                                    <noscript> <div class=\"brlbs-cmpnt-container brlbs-cmpnt-content-blocker brlbs-cmpnt-with-individual-styles\" data-borlabs-cookie-content-blocker-id=\"youtube-content-blocker\" data-borlabs-cookie-content=\"PGlmcmFtZSBkYXRhLW5vLXNjcmlwdCBzcmM9Imh0dHBzOi8vd3d3LnlvdXR1YmUtbm9jb29raWUuY29tL2VtYmVkL3hkeDRmZEVFN3dVP3BpcD0xJiMwMzg7cGxheXNpbmxpbmU9MSIgYWxsb3c9ImFjY2VsZXJvbWV0ZXI7ZW5jcnlwdGVkLW1lZGlhO2d5cm9zY29wZTtwaWN0dXJlLWluLXBpY3R1cmU7ZnVsbHNjcmVlbiIgY2xhc3M9InRmX2FicyB0Zl93IHRmX2giPjwvaWZyYW1lPg==\"><div class=\"brlbs-cmpnt-cb-preset-c brlbs-cmpnt-cb-youtube\"> <div class=\"brlbs-cmpnt-cb-thumbnail\" style=\"background-image: url('https:\/\/ief-saarbruecken.eu\/wp-content\/uploads\/borlabs-cookie\/1\/yt_xdx4fdEE7wU_hqdefault.jpg')\"><\/div> <div class=\"brlbs-cmpnt-cb-main\"> <div class=\"brlbs-cmpnt-cb-play-button\"><\/div> <div class=\"brlbs-cmpnt-cb-content\"> <p class=\"brlbs-cmpnt-cb-description\">Vous \u00eates actuellement en train de consulter le contenu d'un espace r\u00e9serv\u00e9 de <strong>YouTube<\/strong>. Pour acc\u00e9der au contenu r\u00e9el, cliquez sur le bouton ci-dessous. Veuillez noter que ce faisant, des donn\u00e9es seront partag\u00e9es avec des providers tiers.<\/p> <a class=\"brlbs-cmpnt-cb-provider-toggle\" href=\"#\" data-borlabs-cookie-show-provider-information role=\"button\">Plus d'informations<\/a> <\/div> <div class=\"brlbs-cmpnt-cb-buttons\"> <a class=\"brlbs-cmpnt-cb-btn\" href=\"#\" data-borlabs-cookie-unblock role=\"button\">D\u00e9bloquer le contenu<\/a> <a class=\"brlbs-cmpnt-cb-btn\" href=\"#\" data-borlabs-cookie-accept-service role=\"button\" style=\"display: inherit\">Accepter le service requis et d\u00e9bloquer les contenus<\/a> <\/div> <\/div> <\/div><\/div><\/noscript>\n                                <\/div>\n            <!-- \/video-wrap -->\n        <\/div>\n        <!-- \/video-wrap-outer -->\n            <\/div>\n        <\/div>\n                        <\/div>\n        <\/div>\n                        <div  data-lazy=\"1\" class=\"module_row themify_builder_row tb_iqn1724 tf_w\">\n                        <div class=\"row_inner col_align_top tb_col_count_1 tf_box tf_rel\">\n                        <div  data-lazy=\"1\" class=\"module_column tb-column col-full tb_yrqp707 first\">\n                    <!-- module text -->\n<div  class=\"module module-text tb_3lus422   \" data-lazy=\"1\">\n        <div  class=\"tb_text_wrap\">\n        <h2 class=\"p1\"><span class=\"s1\">Tarifs<\/span><\/h2>    <\/div>\n<\/div>\n<!-- \/module text -->        <\/div>\n                        <\/div>\n        <\/div>\n                        <div  data-lazy=\"1\" class=\"module_row themify_builder_row tb_as1d742 tf_w\">\n                        <div class=\"row_inner col_align_top tb_col_count_1 tf_box tf_rel\">\n                        <div  data-lazy=\"1\" class=\"module_column tb-column col-full tb_wqj3470 first\">\n                    <!-- module plain text -->\n<div  class=\"module module-plain-text tb_kfqs553 \" data-lazy=\"1\">\n        <div class=\"tb_text_wrap\">\n    \n<table id=\"tablepress-6-fr\" class=\"tablepress tablepress-id-6-fr\">\n<caption style=\"caption-side:bottom;text-align:left;border:none;background:none;margin:0;padding:0;\"><a href=\"https:\/\/ief-saarbruecken.eu\/wp-admin\/admin.php?page=tablepress&amp;action=edit&amp;table_id=6-fr\" rel=\"nofollow\">Modifier<\/a><\/caption>\n<thead>\n<tr class=\"row-1\">\n\t<th class=\"column-1\">Niveau<\/th><th class=\"column-2\">A1.1<\/th><th class=\"column-3\">A1<\/th>\n<\/tr>\n<\/thead>\n<tbody class=\"row-striping row-hover\">\n<tr class=\"row-2\">\n\t<td class=\"column-1\">DELF Prim<\/td><td class=\"column-2\">*<\/td><td class=\"column-3\">28 \u20ac<\/td>\n<\/tr>\n<tr class=\"row-3\">\n\t<td class=\"column-1\">\u00c9tat : septembre 2023<\/td><td class=\"column-2\"><\/td><td class=\"column-3\"><\/td>\n<\/tr>\n<\/tbody>\n<\/table>\n\n\n\n* &nbsp;Les frais d\u2019examen du A1.1 sont directement pris en charge par le Minist\u00e8re sarrois de l\u2019\u00e9ducation et de la culture.    <\/div>\n<\/div>\n<!-- \/module plain text -->        <\/div>\n                        <\/div>\n        <\/div>\n                        <div  data-lazy=\"1\" class=\"module_row themify_builder_row tb_xbhc003 tf_w\">\n                        <div class=\"row_inner col_align_top tb_col_count_1 tf_box tf_rel\">\n                        <div  data-lazy=\"1\" class=\"module_column tb-column col-full tb_bpoa224 first\">\n                    <!-- module text -->\n<div  class=\"module module-text tb_8nxf044   \" data-lazy=\"1\">\n        <div  class=\"tb_text_wrap\">\n        <h3>Conditions de participation<\/h3>\n<ul>\n<li class=\"li1\"><span class=\"s1\">Les frais d\u2019examen sont dus au moment de l\u2019inscription.<\/span><\/li>\n<li class=\"li1\"><span class=\"s1\">En cas de non-pr\u00e9sentation \u00e0 l\u2019examen (en partie ou en totalit\u00e9) et de non-pr\u00e9sentation de justificatif m\u00e9dical (au plus tard une semaine apr\u00e8s les \u00e9preuves \u00e9crites), le remboursement des frais n\u2019est pas possible.<\/span><\/li>\n<li class=\"li1\"><span class=\"s1\">L\u2019examen ne peut \u00eatre pass\u00e9 que sous forme d\u2019examen complet (pas d\u2019examen partiel).<\/span><\/li>\n<li class=\"li1\"><span class=\"s1\">Les examens \u00e9crits ont lieu aux horaires indiqu\u00e9s dans la circulaire minist\u00e9rielle envoy\u00e9e \u00e0 la rentr\u00e9e scolaire. Aucune date de rattrapage ne sera propos\u00e9e.<\/span><\/li>\n<li class=\"li1\"><span class=\"s1\">Un certificat attestant la r\u00e9ussite de l\u2019examen avec les notes sera fourni environ un mois apr\u00e8s la session.<\/span><\/li>\n<li class=\"li1\"><span class=\"s1\">Les dipl\u00f4mes sont imprim\u00e9s en France, \u00e0 l\u2019<b>Imprimerie nationale (institution de l\u2019Etat fran\u00e7ais) et d\u00e9livr\u00e9s en r\u00e8gle g\u00e9n\u00e9rale plusieurs mois apr\u00e8s la session. Ils seront ensuite transmis par le Minist\u00e8re sarrois de l\u2019\u00e9ducation et de la culture aux \u00e9coles.<\/b><\/span><\/li>\n<li class=\"li2\"><span class=\"s3\">Toute demande de r\u00e9\u00e9dition ou de duplicata est \u00e0 adresser par courriel \u00e0&nbsp;<a href=\"mailto:delf.saarbruecken@institutfrancais.de\"><span class=\"s4\">delf.saarbruecken@institutfrancais.de<\/span><\/a>&nbsp;et sera factur\u00e9e \u00e0 hauteur de 20,-\u20ac (frais administratifs et d\u2019envoi postal en recommand\u00e9). Merci d\u2019indiquer le num\u00e9ro candidat, le niveau concern\u00e9 et la date d\u2019examen.<\/span><\/li>\n<\/ul>\n    <\/div>\n<\/div>\n<!-- \/module text -->        <\/div>\n                        <\/div>\n        <\/div>\n                        <div  data-lazy=\"1\" class=\"module_row themify_builder_row tb_6p2s440 tf_w\">\n                        <div class=\"row_inner col_align_top tb_col_count_1 tf_box tf_rel\">\n                        <div  data-lazy=\"1\" class=\"module_column tb-column col-full tb_j0mj724 first\">\n                    <!-- module text -->\n<div  class=\"module module-text tb_ytn2374   \" data-lazy=\"1\">\n        <div  class=\"tb_text_wrap\">\n        <h3 class=\"p1\"><span class=\"s1\">Dates<\/span> 2026 \u2013 DELF Prim<\/h3>    <\/div>\n<\/div>\n<!-- \/module text -->        <\/div>\n                        <\/div>\n        <\/div>\n                        <div  data-lazy=\"1\" class=\"module_row themify_builder_row tb_c46l344 tf_w\">\n                        <div class=\"row_inner col_align_top tb_col_count_2 tf_box tf_rel\">\n                        <div  data-lazy=\"1\" class=\"module_column tb-column col4-2 tb_v8j9311 first\">\n                    <!-- module text -->\n<div  class=\"module module-text tb_jtet527   \" data-lazy=\"1\">\n        <div  class=\"tb_text_wrap\">\n        <p><strong>Lieu de passation :<\/strong> \u00e9tablissements scolaires inscrits au projet<\/p>\n<p><strong>Epreuves orales : <\/strong>24\/02-23\/03\/2026<\/p>\n<p><strong>Epreuves \u00e9crites : <\/strong>03\/03\/2026 (A1.1 de 09h \u00e0 09h45 ; A1 de 10h \u00e0 11h20 ; aucun rattrapage possible)<strong>.<br><\/strong><\/p>\n<p><b>Date limite d\u2019inscription de l\u2019\u00e9tablissement pour participer : <\/b>09\/10\/2025<\/p>\n<p><b>Date limite d\u2019inscription pour le stage d\u2019habilitation des examinateurs-correcteurs (primo et renouvellement) : <\/b>07\/11\/2025<\/p>\n<p><b>Dates d\u2019inscription : <\/b>27\/10-08\/12\/2025<\/p>\n<p><b>Date limite de paiement (uniquement pour A1) : 09<\/b>\/01\/2026<\/p>\n<p><b>Date limite de rendu des copies et mat\u00e9riel d\u2019examen : <\/b>27\/03\/2026<\/p>    <\/div>\n<\/div>\n<!-- \/module text --><!-- module divider -->\n<div  class=\"module tf_mw module-divider tb_o5pz313 solid   \" style=\"border-width: 1px;border-color: #ffffff;\" data-lazy=\"1\">\n    <\/div>\n<!-- \/module divider -->\n<!-- module text -->\n<div  class=\"module module-text tb_hcna172   \" data-lazy=\"1\">\n        <div  class=\"tb_text_wrap\">\n        <p>Publication des r\u00e9sultats 1 \u00e0 2 MOIS apr\u00e8s la tenue des examens. Envoi des dipl\u00f4mes plusieurs mois apr\u00e8s la tenue des examens.<\/p>\n    <\/div>\n<\/div>\n<!-- \/module text -->        <\/div>\n                    <div  data-lazy=\"1\" class=\"module_column tb-column col4-2 tb_v56w403 last\">\n                            <\/div>\n                        <\/div>\n        <\/div>\n                        <div  data-lazy=\"1\" class=\"module_row themify_builder_row tb_8xbh000 tf_w\">\n                        <div class=\"row_inner col_align_top tb_col_count_2 tf_box tf_rel\">\n                        <div  data-lazy=\"1\" class=\"module_column tb-column col4-2 tb_xulk047 first\">\n                    <!-- module text -->\n<div  class=\"module module-text tb_bo9q476   \" data-lazy=\"1\">\n        <div  class=\"tb_text_wrap\">\n        <h3>Inscriptions<\/h3>\n<p>Si votre \u00e9tablissement propose d\u00e9j\u00e0 les examens du DELF et que vous \u00eates d\u00e9j\u00e0 correspondant DELF, veuillez-vous connectez en cliquant\u00a0<a href=\"https:\/\/admin.delfdalf.institutfrancais.de\/\">ici<\/a>.<\/p>\n<p>Si votre \u00e9tablissement ne participe pas encore aux projets du DELF et\/ou que vous n\u2019\u00eates pas correspondant DELF, veuillez cliquer sur le lien\u00a0<a href=\"https:\/\/delfdalf.institutfrancais.de\/de\/stuttgart\/korrespondent\/anmeldung.html\">ici .<\/a>\u00a0<a href=\"https:\/\/www.institutfrancais.de\/sites\/default\/files\/2020-03\/delf_anmeldeverfahren_09_15.pdf\">D\u00e9tails des proc\u00e9dures d\u2019inscription (\u00e9tablissement, correspondant, candidat)<\/a><\/p>    <\/div>\n<\/div>\n<!-- \/module text -->        <\/div>\n                    <div  data-lazy=\"1\" class=\"module_column tb-column col4-2 tb_zvte227 last\">\n                    <!-- module text -->\n<div  class=\"module module-text tb_fih4737   \" data-lazy=\"1\">\n        <div  class=\"tb_text_wrap\">\n        <h3>Contact<\/h3>\n<p class=\"p1\"><span class=\"s1\">Pour toute question relative aux niveaux, proc\u00e9dures d\u2019inscription et conditions de passation, merci de contacter <\/span>: <strong>Morgane Brette<\/strong>\u00a0(IEF Saarbr\u00fccken)\u00a0<a href=\"mailto:delf.saarbruecken@institutfrancais.de\">delf.saarbruecken@institutfrancais.de<\/a><\/p>\n<p>\u00a0<\/p>    <\/div>\n<\/div>\n<!-- \/module text -->        <\/div>\n                        <\/div>\n        <\/div>\n        <\/div>\n<!--\/themify_builder_content-->","protected":false},"excerpt":{"rendered":"<p>Gr\u00e2ce aux accords entre le Ministerium f\u00fcr Bildung und Kultur de la Sarre et l\u2019Institut fran\u00e7ais d\u2019Allemagne, l\u2019Institut d\u2019Etudes Fran\u00e7aises de Sarrebruck propose les examens du DELF Prim (A1.1 \u2013 A1), directement dans votre \u00e9cole.<\/p>\n","protected":false},"author":1,"featured_media":0,"parent":655,"menu_order":0,"comment_status":"closed","ping_status":"closed","template":"","meta":{"footnotes":""},"class_list":["post-657","page","type-page","status-publish","hentry","has-post-title","has-post-date","has-post-category","has-post-tag","has-post-comment","has-post-author",""],"builder_content":"<p>Gr\u00e2ce aux accords entre le Ministerium f\u00fcr Bildung und Kultur de la Sarre et l\u2019Institut fran\u00e7ais d\u2019Allemagne, l\u2019Institut d\u2019Etudes Fran\u00e7aises de Sarrebruck propose les examens du DELF Prim (A1.1 \u2013 A1), directement dans votre \u00e9cole.<\/p>\n<a href=\"https:\/\/www.institutfrancais.de\/fr\/incident-sur-la-plateforme-gael#\/\" > Incident sur la plateforme GAEL - dipl\u00f4mes DELF-DALF <\/a>\n<img src=\"https:\/\/ief-saarbruecken.eu\/wp-content\/uploads\/2021\/12\/FEI_DELF_Prim_RVB.png\" title=\"FEI_DELF_Prim_RVB\" alt=\"DELF Prim\" srcset=\"https:\/\/ief-saarbruecken.eu\/wp-content\/uploads\/2021\/12\/FEI_DELF_Prim_RVB.png 1700w, https:\/\/ief-saarbruecken.eu\/wp-content\/uploads\/2021\/12\/FEI_DELF_Prim_RVB-1024x238-300x69.png 300w, https:\/\/ief-saarbruecken.eu\/wp-content\/uploads\/2021\/12\/FEI_DELF_Prim_RVB-1024x238.png 1024w, https:\/\/ief-saarbruecken.eu\/wp-content\/uploads\/2021\/12\/FEI_DELF_Prim_RVB-768x178.png 768w, https:\/\/ief-saarbruecken.eu\/wp-content\/uploads\/2021\/12\/FEI_DELF_Prim_RVB-1536x357.png 1536w\" sizes=\"(max-width: 1700px) 100vw, 1700px\" \/>\n[embed]https:\/\/youtu.be\/xdx4fdEE7wU[\/embed]\n<h2>Tarifs<\/h2>\n<table id=\"tablepress-6-fr\"> <caption style=\"caption-side:bottom;text-align:left;border:none;background:none;margin:0;padding:0;\"><a href=\"https:\/\/ief-saarbruecken.eu\/wp-admin\/admin.php?page=tablepress&amp;action=edit&amp;table_id=6-fr\" rel=\"nofollow\">Modifier<\/a><\/caption> <thead> <tr> <th>Niveau<\/th><th>A1.1<\/th><th>A1<\/th> <\/tr> <\/thead> <tbody> <tr> <td>DELF Prim<\/td><td>*<\/td><td>28 \u20ac<\/td> <\/tr> <tr> <td>\u00c9tat : septembre 2023<\/td><td><\/td><td><\/td> <\/tr> <\/tbody> <\/table>\n* &nbsp;Les frais d\u2019examen du A1.1 sont directement pris en charge par le Minist\u00e8re sarrois de l\u2019\u00e9ducation et de la culture.\n<h3>Conditions de participation<\/h3> <ul> <li>Les frais d\u2019examen sont dus au moment de l\u2019inscription.<\/li> <li>En cas de non-pr\u00e9sentation \u00e0 l\u2019examen (en partie ou en totalit\u00e9) et de non-pr\u00e9sentation de justificatif m\u00e9dical (au plus tard une semaine apr\u00e8s les \u00e9preuves \u00e9crites), le remboursement des frais n\u2019est pas possible.<\/li> <li>L\u2019examen ne peut \u00eatre pass\u00e9 que sous forme d\u2019examen complet (pas d\u2019examen partiel).<\/li> <li>Les examens \u00e9crits ont lieu aux horaires indiqu\u00e9s dans la circulaire minist\u00e9rielle envoy\u00e9e \u00e0 la rentr\u00e9e scolaire. Aucune date de rattrapage ne sera propos\u00e9e.<\/li> <li>Un certificat attestant la r\u00e9ussite de l\u2019examen avec les notes sera fourni environ un mois apr\u00e8s la session.<\/li> <li>Les dipl\u00f4mes sont imprim\u00e9s en France, \u00e0 l\u2019<b>Imprimerie nationale (institution de l\u2019Etat fran\u00e7ais) et d\u00e9livr\u00e9s en r\u00e8gle g\u00e9n\u00e9rale plusieurs mois apr\u00e8s la session. Ils seront ensuite transmis par le Minist\u00e8re sarrois de l\u2019\u00e9ducation et de la culture aux \u00e9coles.<\/b><\/li> <li>Toute demande de r\u00e9\u00e9dition ou de duplicata est \u00e0 adresser par courriel \u00e0&nbsp;<a href=\"mailto:delf.saarbruecken@institutfrancais.de\">delf.saarbruecken@institutfrancais.de<\/a>&nbsp;et sera factur\u00e9e \u00e0 hauteur de 20,-\u20ac (frais administratifs et d\u2019envoi postal en recommand\u00e9). Merci d\u2019indiquer le num\u00e9ro candidat, le niveau concern\u00e9 et la date d\u2019examen.<\/li> <\/ul>\n<h3>Dates 2026 \u2013 DELF Prim<\/h3>\n<p><strong>Lieu de passation :<\/strong> \u00e9tablissements scolaires inscrits au projet<\/p> <p><strong>Epreuves orales : <\/strong>24\/02-23\/03\/2026<\/p> <p><strong>Epreuves \u00e9crites : <\/strong>03\/03\/2026 (A1.1 de 09h \u00e0 09h45 ; A1 de 10h \u00e0 11h20 ; aucun rattrapage possible)<strong>.<br><\/strong><\/p> <p><b>Date limite d\u2019inscription de l\u2019\u00e9tablissement pour participer : <\/b>09\/10\/2025<\/p> <p><b>Date limite d\u2019inscription pour le stage d\u2019habilitation des examinateurs-correcteurs (primo et renouvellement) : <\/b>07\/11\/2025<\/p> <p><b>Dates d\u2019inscription : <\/b>27\/10-08\/12\/2025<\/p> <p><b>Date limite de paiement (uniquement pour A1) : 09<\/b>\/01\/2026<\/p> <p><b>Date limite de rendu des copies et mat\u00e9riel d\u2019examen : <\/b>27\/03\/2026<\/p>\n\n<p>Publication des r\u00e9sultats 1 \u00e0 2 MOIS apr\u00e8s la tenue des examens. Envoi des dipl\u00f4mes plusieurs mois apr\u00e8s la tenue des examens.<\/p>\n<h3>Inscriptions<\/h3> <p>Si votre \u00e9tablissement propose d\u00e9j\u00e0 les examens du DELF et que vous \u00eates d\u00e9j\u00e0 correspondant DELF, veuillez-vous connectez en cliquant\u00a0<a href=\"https:\/\/admin.delfdalf.institutfrancais.de\/\">ici<\/a>.<\/p> <p>Si votre \u00e9tablissement ne participe pas encore aux projets du DELF et\/ou que vous n\u2019\u00eates pas correspondant DELF, veuillez cliquer sur le lien\u00a0<a href=\"https:\/\/delfdalf.institutfrancais.de\/de\/stuttgart\/korrespondent\/anmeldung.html\">ici .<\/a>\u00a0<a href=\"https:\/\/www.institutfrancais.de\/sites\/default\/files\/2020-03\/delf_anmeldeverfahren_09_15.pdf\">D\u00e9tails des proc\u00e9dures d\u2019inscription (\u00e9tablissement, correspondant, candidat)<\/a><\/p>\n<h3>Contact<\/h3> <p>Pour toute question relative aux niveaux, proc\u00e9dures d\u2019inscription et conditions de passation, merci de contacter : <strong>Morgane Brette<\/strong>\u00a0(IEF Saarbr\u00fccken)\u00a0<a href=\"mailto:delf.saarbruecken@institutfrancais.de\">delf.saarbruecken@institutfrancais.de<\/a><\/p> <p>\u00a0<\/p>","_links":{"self":[{"href":"https:\/\/ief-saarbruecken.eu\/fr\/wp-json\/wp\/v2\/pages\/657","targetHints":{"allow":["GET"]}}],"collection":[{"href":"https:\/\/ief-saarbruecken.eu\/fr\/wp-json\/wp\/v2\/pages"}],"about":[{"href":"https:\/\/ief-saarbruecken.eu\/fr\/wp-json\/wp\/v2\/types\/page"}],"author":[{"embeddable":true,"href":"https:\/\/ief-saarbruecken.eu\/fr\/wp-json\/wp\/v2\/users\/1"}],"replies":[{"embeddable":true,"href":"https:\/\/ief-saarbruecken.eu\/fr\/wp-json\/wp\/v2\/comments?post=657"}],"version-history":[{"count":0,"href":"https:\/\/ief-saarbruecken.eu\/fr\/wp-json\/wp\/v2\/pages\/657\/revisions"}],"up":[{"embeddable":true,"href":"https:\/\/ief-saarbruecken.eu\/fr\/wp-json\/wp\/v2\/pages\/655"}],"wp:attachment":[{"href":"https:\/\/ief-saarbruecken.eu\/fr\/wp-json\/wp\/v2\/media?parent=657"}],"curies":[{"name":"wp","href":"https:\/\/api.w.org\/{rel}","templated":true}]}}