{"id":617,"date":"2021-12-07T21:36:50","date_gmt":"2021-12-07T20:36:50","guid":{"rendered":"https:\/\/ief-saarbruecken.eu\/autres-certifications\/"},"modified":"2024-12-18T16:05:23","modified_gmt":"2024-12-18T15:05:23","slug":"autres-certifications","status":"publish","type":"page","link":"https:\/\/ief-saarbruecken.eu\/fr\/certifications-delf-dalf\/autres-certifications\/","title":{"rendered":"Autres certifications"},"content":{"rendered":"<!--themify_builder_content-->\n<div id=\"themify_builder_content-617\" data-postid=\"617\" class=\"themify_builder_content themify_builder_content-617 themify_builder tf_clear\">\n                    <div  data-css_id=\"ag6y626\" data-lazy=\"1\" class=\"module_row themify_builder_row fullwidth_row_container tb_ag6y626 tb_first tf_w\">\n                        <div class=\"row_inner col_align_top gutter-none tb_col_count_4 tf_box tf_rel\">\n                        <div  data-lazy=\"1\" class=\"module_column tb-column col4-1 tb_phxv062 first\">\n                            <div  data-lazy=\"1\" class=\"module_subrow themify_builder_sub_row tf_w col_align_top tb_col_count_1 tb_ydjg737\">\n                <div  data-lazy=\"1\" class=\"module_column sub_column col-full tb_1l16783 first\">\n                    <!-- module text -->\n<div  class=\"module module-text tb_3c17303   \" data-lazy=\"1\">\n        <div  class=\"tb_text_wrap\">\n        <h4><a href=\"https:\/\/www.institutfrancais.de\/fr\/allemagne\/chacun-son-cours-de-francais\/toutes-les-certifications\/test-de-connaissance-du-francais\" target=\"_blank\" rel=\"noopener\">TCF \u2013 Test de Connaissances de Fran\u00e7ais<\/a><\/h4>    <\/div>\n<\/div>\n<!-- \/module text -->        <\/div>\n                    <\/div>\n                <div  data-lazy=\"1\" class=\"module_subrow themify_builder_sub_row tf_w col_align_top tb_col_count_1 tb_rr9x535\">\n                <div  data-lazy=\"1\" class=\"module_column sub_column col-full tb_8llw222 first\">\n        <span  class=\"builder_row_cover tf_abs\" data-lazy=\"1\"><\/span>                    <\/div>\n                    <\/div>\n                <\/div>\n                    <div  data-lazy=\"1\" class=\"module_column tb-column col4-1 tb_4ath778\">\n                            <div  data-lazy=\"1\" class=\"module_subrow themify_builder_sub_row tf_w col_align_top tb_col_count_1 tb_rulq838\">\n                <div  data-lazy=\"1\" class=\"module_column sub_column col-full tb_r66m007 first\">\n                    <!-- module text -->\n<div  class=\"module module-text tb_q6uc883   \" data-lazy=\"1\">\n        <div  class=\"tb_text_wrap\">\n        <h4><a href=\"https:\/\/www.institutfrancais.de\/fr\/allemagne\/chacun-son-cours-de-francais\/toutes-les-certifications\/diplomes-de-francais-professionnel\" target=\"_blank\" rel=\"noopener\">DFP &#8211; Dipl\u00f4mes de Fran\u00e7ais Professionnel<\/a><\/h4>    <\/div>\n<\/div>\n<!-- \/module text -->        <\/div>\n                    <\/div>\n                <div  data-lazy=\"1\" class=\"module_subrow themify_builder_sub_row tf_w col_align_top tb_col_count_1 tb_3nwi380\">\n                <div  data-lazy=\"1\" class=\"module_column sub_column col-full tb_k6e6830 first\">\n        <span  class=\"builder_row_cover tf_abs\" data-lazy=\"1\"><\/span>                    <\/div>\n                    <\/div>\n                <\/div>\n                    <div  data-lazy=\"1\" class=\"module_column tb-column col4-1 tb_3z6q370\">\n                            <div  data-lazy=\"1\" class=\"module_subrow themify_builder_sub_row tf_w col_align_top tb_col_count_1 tb_60te789\">\n                <div  data-lazy=\"1\" class=\"module_column sub_column col-full tb_t18e083 first\">\n                    <!-- module text -->\n<div  class=\"module module-text tb_rmqc038   \" data-lazy=\"1\">\n        <div  class=\"tb_text_wrap\">\n        <h4 style=\"text-align: center;\"><a href=\"https:\/\/www.institutfrancais.de\/fr\/allemagne\/chacun-son-cours-de-francais\/toutes-les-certifications\/test-devaluation-de-francais\" target=\"_blank\" rel=\"noopener\">TEF &#8211; Test D&rsquo;\u00e9valuation de Fran\u00e7ais<\/a><\/h4>    <\/div>\n<\/div>\n<!-- \/module text -->        <\/div>\n                    <\/div>\n                <div  data-lazy=\"1\" class=\"module_subrow themify_builder_sub_row tf_w col_align_top tb_col_count_1 tb_w5fk350\">\n                <div  data-lazy=\"1\" class=\"module_column sub_column col-full tb_zi03072 first\">\n        <span  class=\"builder_row_cover tf_abs\" data-lazy=\"1\"><\/span>                    <\/div>\n                    <\/div>\n                <\/div>\n                    <div  data-lazy=\"1\" class=\"module_column tb-column col4-1 tb_c8mx943 last\">\n                            <div  data-lazy=\"1\" class=\"module_subrow themify_builder_sub_row tf_w col_align_top tb_col_count_1 tb_jo68518\">\n                <div  data-lazy=\"1\" class=\"module_column sub_column col-full tb_05xn519 first\">\n                    <!-- module text -->\n<div  class=\"module module-text tb_yi5k519   \" data-lazy=\"1\">\n        <div  class=\"tb_text_wrap\">\n        <h4><a href=\"https:\/\/www.institutfrancais.de\/fr\/allemagne\/chacun-son-cours-de-francais\/toutes-les-certifications\/diplome-daptitude-lenseignement-du\" target=\"_blank\" rel=\"noopener\">DAEFLE &#8211; Dipl\u00f4me d&rsquo;aptitude \u00e0 l&rsquo;enseignement du fran\u00e7ais langue \u00e9trang\u00e8re<\/a><\/h4>    <\/div>\n<\/div>\n<!-- \/module text -->        <\/div>\n                    <\/div>\n                <div  data-lazy=\"1\" class=\"module_subrow themify_builder_sub_row tf_w col_align_top tb_col_count_1 tb_kp9i602\">\n                <div  data-lazy=\"1\" class=\"module_column sub_column col-full tb_9608602 first\">\n        <span  class=\"builder_row_cover tf_abs\" data-lazy=\"1\"><\/span>                    <\/div>\n                    <\/div>\n                <\/div>\n                        <\/div>\n        <\/div>\n        <\/div>\n<!--\/themify_builder_content-->","protected":false},"excerpt":{"rendered":"<p>TCF \u2013 Test de Connaissances de Fran\u00e7ais<\/p>\n","protected":false},"author":1,"featured_media":0,"parent":655,"menu_order":0,"comment_status":"closed","ping_status":"closed","template":"","meta":{"footnotes":""},"class_list":["post-617","page","type-page","status-publish","hentry","has-post-title","has-post-date","has-post-category","has-post-tag","has-post-comment","has-post-author",""],"builder_content":"<h4><a href=\"https:\/\/www.institutfrancais.de\/fr\/allemagne\/chacun-son-cours-de-francais\/toutes-les-certifications\/test-de-connaissance-du-francais\" target=\"_blank\" rel=\"noopener\">TCF \u2013 Test de Connaissances de Fran\u00e7ais<\/a><\/h4>\n<h4><a href=\"https:\/\/www.institutfrancais.de\/fr\/allemagne\/chacun-son-cours-de-francais\/toutes-les-certifications\/diplomes-de-francais-professionnel\" target=\"_blank\" rel=\"noopener\">DFP - Dipl\u00f4mes de Fran\u00e7ais Professionnel<\/a><\/h4>\n<h4 style=\"text-align: center;\"><a href=\"https:\/\/www.institutfrancais.de\/fr\/allemagne\/chacun-son-cours-de-francais\/toutes-les-certifications\/test-devaluation-de-francais\" target=\"_blank\" rel=\"noopener\">TEF - Test D'\u00e9valuation de Fran\u00e7ais<\/a><\/h4>\n<h4><a href=\"https:\/\/www.institutfrancais.de\/fr\/allemagne\/chacun-son-cours-de-francais\/toutes-les-certifications\/diplome-daptitude-lenseignement-du\" target=\"_blank\" rel=\"noopener\">DAEFLE - Dipl\u00f4me d'aptitude \u00e0 l'enseignement du fran\u00e7ais langue \u00e9trang\u00e8re<\/a><\/h4>","_links":{"self":[{"href":"https:\/\/ief-saarbruecken.eu\/fr\/wp-json\/wp\/v2\/pages\/617","targetHints":{"allow":["GET"]}}],"collection":[{"href":"https:\/\/ief-saarbruecken.eu\/fr\/wp-json\/wp\/v2\/pages"}],"about":[{"href":"https:\/\/ief-saarbruecken.eu\/fr\/wp-json\/wp\/v2\/types\/page"}],"author":[{"embeddable":true,"href":"https:\/\/ief-saarbruecken.eu\/fr\/wp-json\/wp\/v2\/users\/1"}],"replies":[{"embeddable":true,"href":"https:\/\/ief-saarbruecken.eu\/fr\/wp-json\/wp\/v2\/comments?post=617"}],"version-history":[{"count":0,"href":"https:\/\/ief-saarbruecken.eu\/fr\/wp-json\/wp\/v2\/pages\/617\/revisions"}],"up":[{"embeddable":true,"href":"https:\/\/ief-saarbruecken.eu\/fr\/wp-json\/wp\/v2\/pages\/655"}],"wp:attachment":[{"href":"https:\/\/ief-saarbruecken.eu\/fr\/wp-json\/wp\/v2\/media?parent=617"}],"curies":[{"name":"wp","href":"https:\/\/api.w.org\/{rel}","templated":true}]}}