{"id":604,"date":"2021-12-15T15:22:07","date_gmt":"2021-12-15T14:22:07","guid":{"rendered":"https:\/\/ief-saarbruecken.eu\/projets-cooperations\/"},"modified":"2026-02-25T15:55:23","modified_gmt":"2026-02-25T14:55:23","slug":"projets-cooperations","status":"publish","type":"page","link":"https:\/\/ief-saarbruecken.eu\/fr\/projets-cooperations\/","title":{"rendered":"Projets &amp; Coop\u00e9rations"},"content":{"rendered":"<!--themify_builder_content-->\n<div id=\"themify_builder_content-604\" data-postid=\"604\" class=\"themify_builder_content themify_builder_content-604 themify_builder tf_clear\">\n                    <div  data-lazy=\"1\" class=\"module_row themify_builder_row tb_1t1s793 tb_first tf_w\">\n                        <div class=\"row_inner col_align_top tb_col_count_1 tf_box tf_rel\">\n                        <div  data-lazy=\"1\" class=\"module_column tb-column col-full tb_1hx0793 first\">\n                    <!-- module text -->\n<div  class=\"module module-text tb_yxoe793   \" data-lazy=\"1\">\n        <div  class=\"tb_text_wrap\">\n        <h2><br \/>Cin\u00e9club fran\u00e7ais 2026 : Nature en sc\u00e8ne<\/h2>    <\/div>\n<\/div>\n<!-- \/module text -->        <\/div>\n                        <\/div>\n        <\/div>\n                        <div  data-lazy=\"1\" class=\"module_row themify_builder_row tb_3ju1974 tf_w\">\n                        <div class=\"row_inner col_align_top tb_col_count_1 tf_box tf_rel\">\n                        <div  data-lazy=\"1\" class=\"module_column tb-column col-full tb_zpb5974 first\">\n                    <!-- module text -->\n<div  class=\"module module-text tb_2by8974   \" data-lazy=\"1\">\n        <div  class=\"tb_text_wrap\">\n        <p>Dans le cadre du Cin\u00e9club 2026 sur le th\u00e8me \u00ab Nature en sc\u00e8ne \u00bb, l\u2019Institut d\u2019\u00c9tudes Fran\u00e7aises ouvre en coop\u00e9ration avec le Kino 8 1\/2 un axe d\u00e9di\u00e9 aux questions \u00e9cologiques.<\/p>\n<h3>Janvier &#8211; mars : L\u2019exploitation syst\u00e9mique de la nature par l\u2019humain : <em>Les algues vertes<\/em> et <em>Goliath<\/em>.<\/h3>\n<p>Le film <em>Les algues vertes<\/em> (2023) de Pierre Jolivet inaugure le cycle th\u00e9matique, suivi de <em>Goliath<\/em> (2022) de Fr\u00e9d\u00e9ric Tellier. Deux \u00ab \u00e9co-thrillers \u00bb qui explorent l\u2019exploitation \u00e9conomique et politique de la nature dans un climat de tension soci\u00e9tale. <em>Les algues vertes<\/em> suit l\u2019enqu\u00eate d\u2019une journaliste sur les algues toxiques rejet\u00e9es par l\u2019agriculture intensive qui prolif\u00e8rent sur les c\u00f4tes bretonnes, et participe \u00e0 d\u00e9construire la repr\u00e9sentation id\u00e9alis\u00e9e de la plage, devenue ici le d\u00e9cor et l\u2019exutoire d\u2019un biotope d\u00e9truit par l\u2019homme. <em>Goliath<\/em> prend quant \u00e0 lui la forme d\u2019un drame \u00e0 plusieurs voix, et met en sc\u00e8ne les diff\u00e9rents acteurs de la lutte pour l\u2019interdiction d\u2019un pesticide nocif, face aux lobbyistes de l\u2019industrie agrochimique. Les deux films th\u00e9matisent donc des catastrophes \u00e9cologiques qui ne r\u00e9sultent pas de ph\u00e9nom\u00e8nes naturels, mais d\u2019un syst\u00e8me \u00e9conomique et d\u2019infrastructures concr\u00e8tes. Ils interrogent les enjeux concrets de la question \u00e9cologique \u00e0 partir du conflit entre pouvoir \u00e9conomique et justice sociale.<\/p>    <\/div>\n<\/div>\n<!-- \/module text --><!-- module text -->\n<div  class=\"module module-text tb_nf0i974   \" data-lazy=\"1\">\n        <div  class=\"tb_text_wrap\">\n            <\/div>\n<\/div>\n<!-- \/module text -->        <\/div>\n                        <\/div>\n        <\/div>\n                        <div  data-lazy=\"1\" class=\"module_row themify_builder_row tb_4zul615 tf_w\">\n                        <div class=\"row_inner col_align_top tb_col_count_1 tf_box tf_rel\">\n                        <div  data-lazy=\"1\" class=\"module_column tb-column col-full tb_b801615 first\">\n                    <!-- module divider -->\n<div  class=\"module tf_mw module-divider tb_1wxs616 solid   \" style=\"border-width: 1px;border-color: #383049;margin-top: 35px;\" data-lazy=\"1\">\n    <\/div>\n<!-- \/module divider -->\n        <\/div>\n                        <\/div>\n        <\/div>\n                        <div  data-lazy=\"1\" class=\"module_row themify_builder_row tb_5ztl976 tf_w\">\n                        <div class=\"row_inner col_align_top tb_col_count_1 tf_box tf_rel\">\n                        <div  data-lazy=\"1\" class=\"module_column tb-column col-full tb_5nve976 first\">\n                    <!-- module text -->\n<div  class=\"module module-text tb_vw7n976   \" data-lazy=\"1\">\n        <div  class=\"tb_text_wrap\">\n        <h2><br>Festival Primeurs<\/h2>    <\/div>\n<\/div>\n<!-- \/module text -->        <\/div>\n                        <\/div>\n        <\/div>\n                        <div  data-lazy=\"1\" class=\"module_row themify_builder_row tb_nnpp209 tf_w\">\n                        <div class=\"row_inner col_align_top tb_col_count_2 tf_box tf_rel\">\n                        <div  data-lazy=\"1\" class=\"module_column tb-column col4-3 tb_enpu209 first\">\n                    <!-- module text -->\n<div  class=\"module module-text tb_0m6e209   \" data-lazy=\"1\">\n        <div  class=\"tb_text_wrap\">\n        <p>Le festival des \u00e9critures dramatiques francophones contemporaines &#8211; le Festival Primeurs &#8211; est une coop\u00e9ration entre quatre institutions fran\u00e7aises et allemandes \u00e0 Sarrebruck et Forbach : l&rsquo;Institut d&rsquo;\u00c9tudes fran\u00e7aises, le Saarl\u00e4ndisches Staatstheater, la Saarl\u00e4ndischer Rundfunk SR2 KulturRadio et le th\u00e9\u00e2tre Le Carreau &#8211; Sc\u00e8ne Nationale de Forbach et de l&rsquo;Est mosellan.<\/p>\n<p>Cr\u00e9\u00e9 en 2007, le festival \u201cPrimeurs\u201d porte l\u2019ambition dans son titre de pr\u00e9senter sur sc\u00e8ne &#8211; sous une forme dramaturgique achev\u00e9e ou \u00e0 travers des lectures sc\u00e9niques &#8211; des oeuvres th\u00e9\u00e2trales venues de France, du Canada, d\u2019Afrique ou d\u2019ailleurs, traduites en allemand, et pr\u00e9sent\u00e9es chaque ann\u00e9e en exclusivit\u00e9 \u00e0 Sarrebruck et Forbach.<\/p>    <\/div>\n<\/div>\n<!-- \/module text --><!-- module text -->\n<div  class=\"module module-text tb_2tr3210   \" data-lazy=\"1\">\n        <div  class=\"tb_text_wrap\">\n            <\/div>\n<\/div>\n<!-- \/module text -->        <\/div>\n                    <div  data-lazy=\"1\" class=\"module_column tb-column col4-1 tb_62r3210 last\">\n                    <!-- module image -->\n<div  class=\"module module-image tb_0e1r210 image-top   tf_mw\" data-lazy=\"1\">\n        <div class=\"image-wrap tf_rel tf_mw\">\n            <img loading=\"lazy\" decoding=\"async\" width=\"2450\" height=\"1576\" src=\"https:\/\/ief-saarbruecken.eu\/wp-content\/uploads\/2024\/11\/SST_Logo_FestivalPrimeurs18_plusUnterzeile_rot.jpg\" class=\"wp-post-image wp-image-1928\" title=\"SST_Logo_FestivalPrimeurs18_plusUnterzeile_rot\" alt=\"SST_Logo_FestivalPrimeurs18_plusUnterzeile_rot\" srcset=\"https:\/\/ief-saarbruecken.eu\/wp-content\/uploads\/2024\/11\/SST_Logo_FestivalPrimeurs18_plusUnterzeile_rot.jpg 2450w, https:\/\/ief-saarbruecken.eu\/wp-content\/uploads\/2024\/11\/SST_Logo_FestivalPrimeurs18_plusUnterzeile_rot-300x193.jpg 300w, https:\/\/ief-saarbruecken.eu\/wp-content\/uploads\/2024\/11\/SST_Logo_FestivalPrimeurs18_plusUnterzeile_rot-1024x659.jpg 1024w, https:\/\/ief-saarbruecken.eu\/wp-content\/uploads\/2024\/11\/SST_Logo_FestivalPrimeurs18_plusUnterzeile_rot-768x494.jpg 768w, https:\/\/ief-saarbruecken.eu\/wp-content\/uploads\/2024\/11\/SST_Logo_FestivalPrimeurs18_plusUnterzeile_rot-1536x988.jpg 1536w, https:\/\/ief-saarbruecken.eu\/wp-content\/uploads\/2024\/11\/SST_Logo_FestivalPrimeurs18_plusUnterzeile_rot-2048x1317.jpg 2048w\" sizes=\"auto, (max-width: 2450px) 100vw, 2450px\" \/>    \n        <\/div>\n    <!-- \/image-wrap -->\n    \n        <\/div>\n<!-- \/module image -->        <\/div>\n                        <\/div>\n        <\/div>\n                        <div  data-lazy=\"1\" class=\"module_row themify_builder_row tb_ecrl723 tf_w\">\n                        <div class=\"row_inner col_align_top tb_col_count_1 tf_box tf_rel\">\n                        <div  data-lazy=\"1\" class=\"module_column tb-column col-full tb_prb4724 first\">\n                    <!-- module divider -->\n<div  class=\"module tf_mw module-divider tb_60o1724 solid   \" style=\"border-width: 1px;border-color: #383049;margin-top: 35px;\" data-lazy=\"1\">\n    <\/div>\n<!-- \/module divider -->\n        <\/div>\n                        <\/div>\n        <\/div>\n                        <div  data-lazy=\"1\" class=\"module_row themify_builder_row tb_h4yd848 tf_w\">\n                        <div class=\"row_inner col_align_top tb_col_count_1 tf_box tf_rel\">\n                        <div  data-lazy=\"1\" class=\"module_column tb-column col-full tb_lury848 first\">\n                    <!-- module text -->\n<div  class=\"module module-text tb_97gb849   \" data-lazy=\"1\">\n        <div  class=\"tb_text_wrap\">\n        <h2>T\u00eate-\u00e0-T\u00eate franco-allemand<\/h2>    <\/div>\n<\/div>\n<!-- \/module text -->        <\/div>\n                        <\/div>\n        <\/div>\n                        <div  data-lazy=\"1\" class=\"module_row themify_builder_row tb_7i31616 tf_w\">\n                        <div class=\"row_inner col_align_top tb_col_count_2 tf_box tf_rel\">\n                        <div  data-lazy=\"1\" class=\"module_column tb-column col4-3 tb_ludu616 first\">\n                    <!-- module text -->\n<div  class=\"module module-text tb_8uby616   \" data-lazy=\"1\">\n        <div  class=\"tb_text_wrap\">\n        <p>Lors des d\u00e9bats T\u00eate-\u00e0-t\u00eate, un.e intervenant.e allemand.e et un.e intervenant.e fran\u00e7ais.e sont invit\u00e9.e.s \u00e0 discuter un sujet d&rsquo;actualit\u00e9. Les T\u00eate-\u00e0-t\u00eate ont lieu deux fois par an tour \u00e0 tour en Lorraine et \u00e0 Sarrebruck. Le cycle de conf\u00e9rences est organis\u00e9 conjointement par le P\u00f4le France de l&rsquo;Universit\u00e9 de la Sarre, l&rsquo;Institut d\u2019\u00c9tudes Fran\u00e7aises de Sarrebruck, le Goethe-Institut Nancy et l&rsquo;Universit\u00e9 de Lorraine.<\/p>\n<h3>03\/03\/26 \u00c9motions en politique (Goethe-Institut Nancy)<\/h3>\n<p>H\u00e9l\u00e8ne Miard-Delacroix, historienne renomm\u00e9e et experte en \u00e9motions politiques sera en \u00e9change avec Andreas Wirsching, sp\u00e9cialiste reconnu de l&rsquo;histoire contemporaine et interlocuteur de longue date d&rsquo;H\u00e9l\u00e8ne Miard-Delacroix. La discussion sera anim\u00e9e par Nicolas Batteux, qui m\u00e8nera la conversation tout au long de la soir\u00e9e et fera dialoguer les diff\u00e9rentes perspectives. Une soir\u00e9e riche en aper\u00e7us historiques, en r\u00e9f\u00e9rences actuelles et en d\u00e9bats anim\u00e9s vous attend. Plus de d\u00e9tails <a href=\"https:\/\/www.uni-saarland.de\/fr\/service\/pole-france\/actualites\/tete-a-tete-2026-emotions-en-politique-44022.html\" target=\"_blank\" rel=\"noopener\">ici<\/a>.<\/p>    <\/div>\n<\/div>\n<!-- \/module text -->        <\/div>\n                    <div  data-lazy=\"1\" class=\"module_column tb-column col4-1 tb_cehw617 last\">\n                    <!-- module image -->\n<div  class=\"module module-image tb_0fl4617 image-top   tf_mw\" data-lazy=\"1\">\n        <div class=\"image-wrap tf_rel tf_mw\">\n            <img loading=\"lazy\" decoding=\"async\" width=\"2560\" height=\"2560\" src=\"https:\/\/ief-saarbruecken.eu\/wp-content\/uploads\/2023\/03\/2022_Tete-a-tete_Logo1a-scaled.jpg\" class=\"wp-post-image wp-image-972\" title=\"T\u00eate \u00e0 t\u00eate Logo\" alt=\"T\u00eate \u00e0 t\u00eate Logo\" srcset=\"https:\/\/ief-saarbruecken.eu\/wp-content\/uploads\/2023\/03\/2022_Tete-a-tete_Logo1a-scaled.jpg 2560w, https:\/\/ief-saarbruecken.eu\/wp-content\/uploads\/2023\/03\/2022_Tete-a-tete_Logo1a-300x300.jpg 300w, https:\/\/ief-saarbruecken.eu\/wp-content\/uploads\/2023\/03\/2022_Tete-a-tete_Logo1a-1024x1024.jpg 1024w, https:\/\/ief-saarbruecken.eu\/wp-content\/uploads\/2023\/03\/2022_Tete-a-tete_Logo1a-150x150.jpg 150w, https:\/\/ief-saarbruecken.eu\/wp-content\/uploads\/2023\/03\/2022_Tete-a-tete_Logo1a-768x768.jpg 768w, https:\/\/ief-saarbruecken.eu\/wp-content\/uploads\/2023\/03\/2022_Tete-a-tete_Logo1a-1536x1536.jpg 1536w, https:\/\/ief-saarbruecken.eu\/wp-content\/uploads\/2023\/03\/2022_Tete-a-tete_Logo1a-2048x2048.jpg 2048w\" sizes=\"auto, (max-width: 2560px) 100vw, 2560px\" \/>    \n        <\/div>\n    <!-- \/image-wrap -->\n    \n        <\/div>\n<!-- \/module image -->        <\/div>\n                        <\/div>\n        <\/div>\n                        <div  data-lazy=\"1\" class=\"module_row themify_builder_row tb_epha325 tf_w\">\n                        <div class=\"row_inner col_align_top tb_col_count_1 tf_box tf_rel\">\n                        <div  data-lazy=\"1\" class=\"module_column tb-column col-full tb_a15b325 first\">\n                            <\/div>\n                        <\/div>\n        <\/div>\n                        <div  data-lazy=\"1\" class=\"module_row themify_builder_row tb_71h2860 tf_w\">\n                        <div class=\"row_inner col_align_top tb_col_count_1 tf_box tf_rel\">\n                        <div  data-lazy=\"1\" class=\"module_column tb-column col-full tb_qlrj861 first\">\n                            <\/div>\n                        <\/div>\n        <\/div>\n                        <div  data-lazy=\"1\" class=\"module_row themify_builder_row tb_s3v6435 tf_w\">\n                        <div class=\"row_inner col_align_top tb_col_count_2 tf_box tf_rel\">\n                        <div  data-lazy=\"1\" class=\"module_column tb-column col4-3 tb_62f9435 first\">\n                    <!-- module text -->\n<div  class=\"module module-text tb_9qoy435   \" data-lazy=\"1\">\n        <div  class=\"tb_text_wrap\">\n            <\/div>\n<\/div>\n<!-- \/module text -->        <\/div>\n                    <div  data-lazy=\"1\" class=\"module_column tb-column col4-1 tb_n0l7435 last\">\n                            <\/div>\n                        <\/div>\n        <\/div>\n                        <div  data-lazy=\"1\" class=\"module_row themify_builder_row tb_0ufq884 tf_w\">\n                        <div class=\"row_inner col_align_top tb_col_count_1 tf_box tf_rel\">\n                        <div  data-lazy=\"1\" class=\"module_column tb-column col-full tb_wy5b885 first\">\n                            <\/div>\n                        <\/div>\n        <\/div>\n                        <div  data-lazy=\"1\" class=\"module_row themify_builder_row tb_6gl8715 tf_w\">\n                        <div class=\"row_inner col_align_top tb_col_count_1 tf_box tf_rel\">\n                        <div  data-lazy=\"1\" class=\"module_column tb-column col-full tb_xecs715 first\">\n                            <\/div>\n                        <\/div>\n        <\/div>\n                        <div  data-lazy=\"1\" class=\"module_row themify_builder_row tb_udo5328 tf_w\">\n                        <div class=\"row_inner col_align_top tb_col_count_1 tf_box tf_rel\">\n                        <div  data-lazy=\"1\" class=\"module_column tb-column col-full tb_woa6329 first\">\n                            <\/div>\n                        <\/div>\n        <\/div>\n                        <div  data-lazy=\"1\" class=\"module_row themify_builder_row tb_y040427 tf_w\">\n                        <div class=\"row_inner col_align_top tb_col_count_2 tf_box tf_rel\">\n                        <div  data-lazy=\"1\" class=\"module_column tb-column col4-3 tb_h5ka428 first\">\n                            <\/div>\n                    <div  data-lazy=\"1\" class=\"module_column tb-column col4-1 tb_ogl8428 last\">\n                            <\/div>\n                        <\/div>\n        <\/div>\n                        <div  data-lazy=\"1\" class=\"module_row themify_builder_row tb_kl46265 tf_w\">\n                        <div class=\"row_inner col_align_top tb_col_count_1 tf_box tf_rel\">\n                        <div  data-lazy=\"1\" class=\"module_column tb-column col-full tb_scqj265 first\">\n                    <!-- module divider -->\n<div  class=\"module tf_mw module-divider tb_62bu265 solid   \" style=\"border-width: 1px;border-color: #383049;margin-top: 35px;\" data-lazy=\"1\">\n    <\/div>\n<!-- \/module divider -->\n        <\/div>\n                        <\/div>\n        <\/div>\n                        <div  data-lazy=\"1\" class=\"module_row themify_builder_row tb_qv6v728 tf_w\">\n                        <div class=\"row_inner col_align_top tb_col_count_1 tf_box tf_rel\">\n                        <div  data-lazy=\"1\" class=\"module_column tb-column col-full tb_fhw2729 first\">\n                    <!-- module text -->\n<div  class=\"module module-text tb_hgbr655   \" data-lazy=\"1\">\n        <div  class=\"tb_text_wrap\">\n        <h2>\u00a0<\/h2>\n<h2>Litt\u00e9rature face au monde<\/h2>    <\/div>\n<\/div>\n<!-- \/module text -->        <\/div>\n                        <\/div>\n        <\/div>\n                        <div  data-lazy=\"1\" class=\"module_row themify_builder_row tb_gt56253 tf_w\">\n                        <div class=\"row_inner col_align_top tb_col_count_1 tf_box tf_rel\">\n                        <div  data-lazy=\"1\" class=\"module_column tb-column col-full tb_q9aj254 first\">\n                    <!-- module text -->\n<div  class=\"module module-text tb_2pfq254   \" data-lazy=\"1\">\n        <div  class=\"tb_text_wrap\">\n        <p>\u00ab Litt\u00e9rature face au monde \u00bb est une s\u00e9rie de rencontres litt\u00e9raires organis\u00e9e par l\u2019Institut d\u2019\u00c9tudes Fran\u00e7aises de Sarrebruck, et consacr\u00e9e \u00e0 l\u2019actualit\u00e9 de la litt\u00e9rature fran\u00e7aise et francophone. Elle permet une rencontre entre le public sarrois \u2013 \u00e9tudiants, enseignants de litt\u00e9rature, lecteurs curieux, grand public \u2013 et des autrices et auteurs invit\u00e9.s \u00e0 la Villa Europa. Un temps de lecture, suivi d\u2019un entretien et d\u2019un temps d\u2019\u00e9change, autour de livres qui interrogent notre monde et questionne les enjeux de notre \u00e9poque. Les rencontres ont lieu en fran\u00e7ais.\u00a0\u00a0<\/p>    <\/div>\n<\/div>\n<!-- \/module text --><!-- module text -->\n<div  class=\"module module-text tb_j3sq255   \" data-lazy=\"1\">\n        <div  class=\"tb_text_wrap\">\n            <\/div>\n<\/div>\n<!-- \/module text -->        <\/div>\n                        <\/div>\n        <\/div>\n        <\/div>\n<!--\/themify_builder_content-->","protected":false},"excerpt":{"rendered":"<p>Cin\u00e9club fran\u00e7ais 2026 : Nature en sc\u00e8ne<\/p>\n","protected":false},"author":1,"featured_media":0,"parent":0,"menu_order":0,"comment_status":"closed","ping_status":"closed","template":"","meta":{"footnotes":""},"class_list":["post-604","page","type-page","status-publish","hentry","has-post-title","has-post-date","has-post-category","has-post-tag","has-post-comment","has-post-author",""],"builder_content":"<h2><br \/>Cin\u00e9club fran\u00e7ais 2026 : Nature en sc\u00e8ne<\/h2>\n<p>Dans le cadre du Cin\u00e9club 2026 sur le th\u00e8me \u00ab Nature en sc\u00e8ne \u00bb, l\u2019Institut d\u2019\u00c9tudes Fran\u00e7aises ouvre en coop\u00e9ration avec le Kino 8 1\/2 un axe d\u00e9di\u00e9 aux questions \u00e9cologiques.<\/p> <h3>Janvier - mars : L\u2019exploitation syst\u00e9mique de la nature par l\u2019humain : <em>Les algues vertes<\/em> et <em>Goliath<\/em>.<\/h3> <p>Le film <em>Les algues vertes<\/em> (2023) de Pierre Jolivet inaugure le cycle th\u00e9matique, suivi de <em>Goliath<\/em> (2022) de Fr\u00e9d\u00e9ric Tellier. Deux \u00ab \u00e9co-thrillers \u00bb qui explorent l\u2019exploitation \u00e9conomique et politique de la nature dans un climat de tension soci\u00e9tale. <em>Les algues vertes<\/em> suit l\u2019enqu\u00eate d\u2019une journaliste sur les algues toxiques rejet\u00e9es par l\u2019agriculture intensive qui prolif\u00e8rent sur les c\u00f4tes bretonnes, et participe \u00e0 d\u00e9construire la repr\u00e9sentation id\u00e9alis\u00e9e de la plage, devenue ici le d\u00e9cor et l\u2019exutoire d\u2019un biotope d\u00e9truit par l\u2019homme. <em>Goliath<\/em> prend quant \u00e0 lui la forme d\u2019un drame \u00e0 plusieurs voix, et met en sc\u00e8ne les diff\u00e9rents acteurs de la lutte pour l\u2019interdiction d\u2019un pesticide nocif, face aux lobbyistes de l\u2019industrie agrochimique. Les deux films th\u00e9matisent donc des catastrophes \u00e9cologiques qui ne r\u00e9sultent pas de ph\u00e9nom\u00e8nes naturels, mais d\u2019un syst\u00e8me \u00e9conomique et d\u2019infrastructures concr\u00e8tes. Ils interrogent les enjeux concrets de la question \u00e9cologique \u00e0 partir du conflit entre pouvoir \u00e9conomique et justice sociale.<\/p>\n\n\n<h2><br>Festival Primeurs<\/h2>\n<p>Le festival des \u00e9critures dramatiques francophones contemporaines - le Festival Primeurs - est une coop\u00e9ration entre quatre institutions fran\u00e7aises et allemandes \u00e0 Sarrebruck et Forbach : l'Institut d'\u00c9tudes fran\u00e7aises, le Saarl\u00e4ndisches Staatstheater, la Saarl\u00e4ndischer Rundfunk SR2 KulturRadio et le th\u00e9\u00e2tre Le Carreau - Sc\u00e8ne Nationale de Forbach et de l'Est mosellan.<\/p> <p>Cr\u00e9\u00e9 en 2007, le festival \u201cPrimeurs\u201d porte l\u2019ambition dans son titre de pr\u00e9senter sur sc\u00e8ne - sous une forme dramaturgique achev\u00e9e ou \u00e0 travers des lectures sc\u00e9niques - des oeuvres th\u00e9\u00e2trales venues de France, du Canada, d\u2019Afrique ou d\u2019ailleurs, traduites en allemand, et pr\u00e9sent\u00e9es chaque ann\u00e9e en exclusivit\u00e9 \u00e0 Sarrebruck et Forbach.<\/p>\n\n<img src=\"https:\/\/ief-saarbruecken.eu\/wp-content\/uploads\/2024\/11\/SST_Logo_FestivalPrimeurs18_plusUnterzeile_rot.jpg\" title=\"SST_Logo_FestivalPrimeurs18_plusUnterzeile_rot\" alt=\"SST_Logo_FestivalPrimeurs18_plusUnterzeile_rot\" srcset=\"https:\/\/ief-saarbruecken.eu\/wp-content\/uploads\/2024\/11\/SST_Logo_FestivalPrimeurs18_plusUnterzeile_rot.jpg 2450w, https:\/\/ief-saarbruecken.eu\/wp-content\/uploads\/2024\/11\/SST_Logo_FestivalPrimeurs18_plusUnterzeile_rot-300x193.jpg 300w, https:\/\/ief-saarbruecken.eu\/wp-content\/uploads\/2024\/11\/SST_Logo_FestivalPrimeurs18_plusUnterzeile_rot-1024x659.jpg 1024w, https:\/\/ief-saarbruecken.eu\/wp-content\/uploads\/2024\/11\/SST_Logo_FestivalPrimeurs18_plusUnterzeile_rot-768x494.jpg 768w, https:\/\/ief-saarbruecken.eu\/wp-content\/uploads\/2024\/11\/SST_Logo_FestivalPrimeurs18_plusUnterzeile_rot-1536x988.jpg 1536w, https:\/\/ief-saarbruecken.eu\/wp-content\/uploads\/2024\/11\/SST_Logo_FestivalPrimeurs18_plusUnterzeile_rot-2048x1317.jpg 2048w\" sizes=\"(max-width: 2450px) 100vw, 2450px\" \/>\n\n<h2>T\u00eate-\u00e0-T\u00eate franco-allemand<\/h2>\n<p>Lors des d\u00e9bats T\u00eate-\u00e0-t\u00eate, un.e intervenant.e allemand.e et un.e intervenant.e fran\u00e7ais.e sont invit\u00e9.e.s \u00e0 discuter un sujet d'actualit\u00e9. Les T\u00eate-\u00e0-t\u00eate ont lieu deux fois par an tour \u00e0 tour en Lorraine et \u00e0 Sarrebruck. Le cycle de conf\u00e9rences est organis\u00e9 conjointement par le P\u00f4le France de l'Universit\u00e9 de la Sarre, l'Institut d\u2019\u00c9tudes Fran\u00e7aises de Sarrebruck, le Goethe-Institut Nancy et l'Universit\u00e9 de Lorraine.<\/p> <h3>03\/03\/26 \u00c9motions en politique (Goethe-Institut Nancy)<\/h3> <p>H\u00e9l\u00e8ne Miard-Delacroix, historienne renomm\u00e9e et experte en \u00e9motions politiques sera en \u00e9change avec Andreas Wirsching, sp\u00e9cialiste reconnu de l'histoire contemporaine et interlocuteur de longue date d'H\u00e9l\u00e8ne Miard-Delacroix. La discussion sera anim\u00e9e par Nicolas Batteux, qui m\u00e8nera la conversation tout au long de la soir\u00e9e et fera dialoguer les diff\u00e9rentes perspectives. Une soir\u00e9e riche en aper\u00e7us historiques, en r\u00e9f\u00e9rences actuelles et en d\u00e9bats anim\u00e9s vous attend. Plus de d\u00e9tails <a href=\"https:\/\/www.uni-saarland.de\/fr\/service\/pole-france\/actualites\/tete-a-tete-2026-emotions-en-politique-44022.html\" target=\"_blank\" rel=\"noopener\">ici<\/a>.<\/p>\n<img src=\"https:\/\/ief-saarbruecken.eu\/wp-content\/uploads\/2023\/03\/2022_Tete-a-tete_Logo1a-scaled.jpg\" title=\"T\u00eate \u00e0 t\u00eate Logo\" alt=\"T\u00eate \u00e0 t\u00eate Logo\" srcset=\"https:\/\/ief-saarbruecken.eu\/wp-content\/uploads\/2023\/03\/2022_Tete-a-tete_Logo1a-scaled.jpg 2560w, https:\/\/ief-saarbruecken.eu\/wp-content\/uploads\/2023\/03\/2022_Tete-a-tete_Logo1a-300x300.jpg 300w, https:\/\/ief-saarbruecken.eu\/wp-content\/uploads\/2023\/03\/2022_Tete-a-tete_Logo1a-1024x1024.jpg 1024w, https:\/\/ief-saarbruecken.eu\/wp-content\/uploads\/2023\/03\/2022_Tete-a-tete_Logo1a-150x150.jpg 150w, https:\/\/ief-saarbruecken.eu\/wp-content\/uploads\/2023\/03\/2022_Tete-a-tete_Logo1a-768x768.jpg 768w, https:\/\/ief-saarbruecken.eu\/wp-content\/uploads\/2023\/03\/2022_Tete-a-tete_Logo1a-1536x1536.jpg 1536w, https:\/\/ief-saarbruecken.eu\/wp-content\/uploads\/2023\/03\/2022_Tete-a-tete_Logo1a-2048x2048.jpg 2048w\" sizes=\"(max-width: 2560px) 100vw, 2560px\" \/>\n\n<p>Das Beaujolais Nouveau findet immer am 3. Donnerstag in November statt. Wir freuen uns schon auf unsere Ausgabe 2022 und weitere Abende rund um das Thema der Kultur des Weines in den kommenden Jahren!<\/p>\n<img src=\"https:\/\/ief-saarbruecken.eu\/wp-content\/uploads\/2022\/02\/IMG-20211119-WA0023.jpg\" title=\"IMG-20211119-WA0023\" alt=\"IMG-20211119-WA0023\" srcset=\"https:\/\/ief-saarbruecken.eu\/wp-content\/uploads\/2022\/02\/IMG-20211119-WA0023.jpg 1368w, https:\/\/ief-saarbruecken.eu\/wp-content\/uploads\/2022\/02\/IMG-20211119-WA0023-225x300.jpg 225w, https:\/\/ief-saarbruecken.eu\/wp-content\/uploads\/2022\/02\/IMG-20211119-WA0023-768x1024.jpg 768w, https:\/\/ief-saarbruecken.eu\/wp-content\/uploads\/2022\/02\/IMG-20211119-WA0023-1152x1536.jpg 1152w\" sizes=\"(max-width: 1368px) 100vw, 1368px\" \/>\n\n\n<h2>\u00a0<\/h2> <h2>Litt\u00e9rature face au monde<\/h2>\n<p>\u00ab Litt\u00e9rature face au monde \u00bb est une s\u00e9rie de rencontres litt\u00e9raires organis\u00e9e par l\u2019Institut d\u2019\u00c9tudes Fran\u00e7aises de Sarrebruck, et consacr\u00e9e \u00e0 l\u2019actualit\u00e9 de la litt\u00e9rature fran\u00e7aise et francophone. Elle permet une rencontre entre le public sarrois \u2013 \u00e9tudiants, enseignants de litt\u00e9rature, lecteurs curieux, grand public \u2013 et des autrices et auteurs invit\u00e9.s \u00e0 la Villa Europa. Un temps de lecture, suivi d\u2019un entretien et d\u2019un temps d\u2019\u00e9change, autour de livres qui interrogent notre monde et questionne les enjeux de notre \u00e9poque. Les rencontres ont lieu en fran\u00e7ais.\u00a0\u00a0<\/p>\n","_links":{"self":[{"href":"https:\/\/ief-saarbruecken.eu\/fr\/wp-json\/wp\/v2\/pages\/604","targetHints":{"allow":["GET"]}}],"collection":[{"href":"https:\/\/ief-saarbruecken.eu\/fr\/wp-json\/wp\/v2\/pages"}],"about":[{"href":"https:\/\/ief-saarbruecken.eu\/fr\/wp-json\/wp\/v2\/types\/page"}],"author":[{"embeddable":true,"href":"https:\/\/ief-saarbruecken.eu\/fr\/wp-json\/wp\/v2\/users\/1"}],"replies":[{"embeddable":true,"href":"https:\/\/ief-saarbruecken.eu\/fr\/wp-json\/wp\/v2\/comments?post=604"}],"version-history":[{"count":0,"href":"https:\/\/ief-saarbruecken.eu\/fr\/wp-json\/wp\/v2\/pages\/604\/revisions"}],"wp:attachment":[{"href":"https:\/\/ief-saarbruecken.eu\/fr\/wp-json\/wp\/v2\/media?parent=604"}],"curies":[{"name":"wp","href":"https:\/\/api.w.org\/{rel}","templated":true}]}}