{"id":673,"date":"2022-01-09T17:33:15","date_gmt":"2022-01-09T16:33:15","guid":{"rendered":"https:\/\/ief-saarbruecken.eu\/events\/beaujolais-nouveau-copy\/"},"modified":"2022-09-28T10:57:47","modified_gmt":"2022-09-28T08:57:47","slug":"beaujolais-nouveau-2","status":"publish","type":"ajde_events","link":"https:\/\/ief-saarbruecken.eu\/fr\/events\/beaujolais-nouveau-2\/","title":{"rendered":"Dialogue et D\u00e9gustation"},"content":{"rendered":"<!--themify_builder_content-->\n<div id=\"themify_builder_content-673\" data-postid=\"673\" class=\"themify_builder_content themify_builder_content-673 themify_builder tf_clear\">\n    <\/div>\n<!--\/themify_builder_content-->\n\n\n<p><em><u>Dialogue et D\u00e9gustation \u2013 Les vins du Beaujolais&nbsp;: c\u2019est bon, c\u2019est bio, c\u2019est Beaujolais&nbsp;!<\/u><\/em><\/p>\n\n\n\n<p>Novice, amateur.trice ou fin palais, l\u2019IEF &#8211; en partenariat avec l\u2019Union des Fran\u00e7ais de Sarre, la Stadtgalerie et le Mercure Hotel\u00a0 de Sarrebruck &#8211; vous convie chaleureusement \u00e0 sa deuxi\u00e8me soir\u00e9e d\u2019\u0153nologie. M. Mopin Fabrice, expert sommelier. Il vous fera voyager sur les routes du Beaujolais, entre traditions et nouveaut\u00e9s, et en toute convivialit\u00e9. Au programme\u00a0:<\/p>\n\n\n\n<ul class=\"wp-block-list\"><li>d\u00e9gustation anim\u00e9e de trois vins du Beaujolais, r\u00e9gion viticole riche et surprenante.&nbsp;;<\/li><li>pr\u00e9sentation des nouvelles tendances et des labels bio et d\u00e9veloppement durable sur ce domaine&nbsp;;<\/li><li>(re)d\u00e9couverte du Beaujolais Primeur, tradition fran\u00e7aise lanc\u00e9e en 1951.<\/li><li>dialogue franco-allemand sur les cultures du vin et leurs sp\u00e9cificit\u00e9s autour d\u2019un buffet sp\u00e9cialement con\u00e7u en accord avec les vins de la soir\u00e9e.<\/li><\/ul>\n\n\n\n<p>Au plaisir de trinquer avec vous en l\u2019honneur de ce \u00ab&nbsp;primeur&nbsp;\u00bb \u2013 en toute mod\u00e9ration !<\/p>\n\n\n\n<p><strong>Infos pratiques\u00a0:<\/strong><\/p>\n\n\n\n<p>D\u00e9but 18h30 (contr\u00f4le des entr\u00e9es \u00e0 partir de 18h)<\/p>\n\n\n\n<p>Stadtgalerie Saarbr\u00fccken, Sankt-Johanner-Markt 24, 66111 Saarbr\u00fccken<\/p>\n\n\n\n<p>Entr\u00e9e payante et sur r\u00e9servation (tarif normal 15\u20ac&nbsp;; tarif r\u00e9duit pour \u00e9tudiant.e. et d\u00e9tenteur.trice d\u2019un billet pour l\u2019une des repr\u00e9sentations du Festival \u00ab&nbsp;Primeurs&nbsp;\u00bb 2022)<\/p>\n\n\n\n<p>R\u00e9servation jusqu\u2019au 10\/11\/2022 par email&nbsp;: <a href=\"mailto:info@ief-saarbruecken.eu\">info@ief-saarbruecken.eu<\/a><\/p>","protected":false},"author":1,"featured_media":699,"menu_order":0,"comment_status":"open","ping_status":"closed","template":"","meta":[],"tags":[],"event_type":[21],"event_type_2":[],"class_list":["post-673","ajde_events","type-ajde_events","status-publish","has-post-thumbnail","hentry","event_location-stadtgalerie-saarbruecken","event_type-tradition","has-post-title","has-post-date","has-post-category","has-post-tag","has-post-comment","has-post-author",""],"builder_content":"","_links":{"self":[{"href":"https:\/\/ief-saarbruecken.eu\/fr\/wp-json\/wp\/v2\/ajde_events\/673","targetHints":{"allow":["GET"]}}],"collection":[{"href":"https:\/\/ief-saarbruecken.eu\/fr\/wp-json\/wp\/v2\/ajde_events"}],"about":[{"href":"https:\/\/ief-saarbruecken.eu\/fr\/wp-json\/wp\/v2\/types\/ajde_events"}],"author":[{"embeddable":true,"href":"https:\/\/ief-saarbruecken.eu\/fr\/wp-json\/wp\/v2\/users\/1"}],"replies":[{"embeddable":true,"href":"https:\/\/ief-saarbruecken.eu\/fr\/wp-json\/wp\/v2\/comments?post=673"}],"wp:featuredmedia":[{"embeddable":true,"href":"https:\/\/ief-saarbruecken.eu\/fr\/wp-json\/wp\/v2\/media\/699"}],"wp:attachment":[{"href":"https:\/\/ief-saarbruecken.eu\/fr\/wp-json\/wp\/v2\/media?parent=673"}],"wp:term":[{"taxonomy":"post_tag","embeddable":true,"href":"https:\/\/ief-saarbruecken.eu\/fr\/wp-json\/wp\/v2\/tags?post=673"},{"taxonomy":"event_type","embeddable":true,"href":"https:\/\/ief-saarbruecken.eu\/fr\/wp-json\/wp\/v2\/event_type?post=673"},{"taxonomy":"event_type_2","embeddable":true,"href":"https:\/\/ief-saarbruecken.eu\/fr\/wp-json\/wp\/v2\/event_type_2?post=673"}],"curies":[{"name":"wp","href":"https:\/\/api.w.org\/{rel}","templated":true}]}}